{"id":5621,"date":"2026-01-22T15:30:52","date_gmt":"2026-01-22T14:30:52","guid":{"rendered":"https:\/\/mobilityfreedom.it\/?page_id=5621"},"modified":"2026-04-19T21:54:11","modified_gmt":"2026-04-19T19:54:11","slug":"news","status":"publish","type":"page","link":"https:\/\/mobilityfreedom.it\/index.php\/news\/","title":{"rendered":"News"},"content":{"rendered":"\t\t<div data-elementor-type=\"wp-page\" data-elementor-id=\"5621\" class=\"elementor elementor-5621\">\n\t\t\t\t<div class=\"elementor-element elementor-element-df19e1f e-flex e-con-boxed wpr-particle-no wpr-jarallax-no wpr-parallax-no wpr-sticky-section-no wpr-equal-height-no e-con e-parent\" data-id=\"df19e1f\" data-element_type=\"container\" data-e-type=\"container\">\n\t\t\t\t\t<div class=\"e-con-inner\">\n\t\t\t\t<div class=\"elementor-element elementor-element-4a34b80 title_hover_border_enable meta-visibility-show title_position_default title-default img_hover_animation_default meta_position_default readmore-btn-default-style grid-hover-overlay-type-always tpg-el-box-border-enable tpg-border-bottom-disable elementor-widget elementor-widget-tpg-grid-layout\" data-id=\"4a34b80\" data-element_type=\"widget\" data-e-type=\"widget\" data-widget_type=\"tpg-grid-layout.default\">\n\t\t\t\t<div class=\"elementor-widget-container\">\n\t\t\t\t\t\t\t<div class=\"rt-container-fluid rt-tpg-container tpg-el-main-wrapper clearfix grid-layout4-main \"\n\t\t\t id=\"rt-tpg-container-2907811764\"\n\t\t\t data-layout=\"grid-layout4\"\n\t\t\t data-grid-style=\"tpg-full-height\"\n\t\t\t data-sc-id=\"elementor\"\n\t\t\t data-el-settings=''\n\t\t\t data-el-query=''\n\t\t\t data-el-path=''\n\t\t>\n\t\t\t\t\t\t<div class='tpg-header-wrapper '>\n\t\t\t\t\t\t\t<\/div>\n\n\t\t\t<div data-title=\"Loading ...\" class=\"rt-row rt-content-loader grid-layout4 grid-behaviour tpg-full-height grid_layout_wrapper\">\n\t\t\t\t\n<div class=\"rt-col-md-4 rt-col-sm-6 rt-col-xs-12 default rt-grid-item\" data-id=\"5729\">\n\t<div class=\"rt-holder tpg-post-holder \">\n\t\t<div class=\"rt-detail rt-el-content-wrapper\">\n\t\t\t\t\t\t\t<div class=\"rt-img-holder tpg-el-image-wrap has-thumbnail\">\n\t\t\t\t\t<a data-id=\"5729\" href=\"https:\/\/mobilityfreedom.it\/index.php\/2026\/03\/27\/exposanita-2026-health-care-innovation\/\" class=\"tpg-post-link\" target=\"_self\">                        <img fetchpriority=\"high\" decoding=\"async\" src=\"https:\/\/mobilityfreedom.it\/wp-content\/uploads\/2026\/03\/exposanita_2026_Kivi_Mobility_Freedom-768x512.jpg\"\n                             class=\"rt-img-responsive\"\n                             width=\"768\"\n                             height=\"512\"\n                             alt=\"Exposanit\u00e0 2026: Health, Care &amp; Innovation\">\n\t\t\t\t\t\t\n\t\t\t\t\t\t\t\n\t\t<\/a>\n\t\t        <div class=\"overlay grid-hover-content\"><\/div>\n\t\t\t\t\t\t<\/div>\n\t\t\t\n\t\t\t<div class=\"entry-title-wrapper\"><h3 class=\"entry-title\"><a data-id=\"5729\" href=\"https:\/\/mobilityfreedom.it\/index.php\/2026\/03\/27\/exposanita-2026-health-care-innovation\/\" class=\"tpg-post-link\" target=\"_self\">Exposanit\u00e0 2026: Health, Care &amp; Innovation<\/a><\/h3><\/div>\n\t\t\t\t\t\t\t<div class=\"post-meta-tags rt-el-post-meta\">\n\t\t\t\t\t            <span class='date'>\n\t\t\t\t<i class='far fa-calendar-alt '><\/i>\t\t\t\t                    <a href=\"https:\/\/mobilityfreedom.it\/index.php\/2026\/03\/27\/\">\n\t\t\t\t\t27 Marzo 2026\t\t\t\t<\/a>\n\t\t\t\t\t\t\t<\/span>\n\t\t\t\t\t\t\t<\/div>\n\t\t\t\n\t\t\t\t\t\t\t<div class=\"tpg-excerpt tpg-el-excerpt\">\n\t\t\t\t\t\t\t\t\t\t\t<div class=\"tpg-excerpt-inner\">\n\t\t\t\t\t\t\tDal 22 al 24 aprile 2026, BolognaFiere ospiter\u00e0 la 24\u00aa mostra internazionale al servizio della sanit\u00e0 e dell&#8217;assistenza. Si tratta di un appuntamento imperdibile, interamente dedicato al mondo...\t\t\t\t\t\t<\/div>\n\t\t\t\t\t\t\t\t\t\t\t\t\t\t<\/div>\n\t\t\t\n\t\t\t        <div class=\"post-footer\">\n            <div class=\"post-footer\">\n                <div class=\"read-more\">\n\t\t\t\t\t<a data-id=\"5729\" href=\"https:\/\/mobilityfreedom.it\/index.php\/2026\/03\/27\/exposanita-2026-health-care-innovation\/\" class=\"tpg-post-link\" target=\"_self\">Vai all&#039;articolo completo<\/a>                <\/div>\n            <\/div>\n        <\/div>\n\t\t\t\t<\/div>\n\t<\/div>\n<\/div>\n\n<div class=\"rt-col-md-4 rt-col-sm-6 rt-col-xs-12 default rt-grid-item\" data-id=\"5672\">\n\t<div class=\"rt-holder tpg-post-holder \">\n\t\t<div class=\"rt-detail rt-el-content-wrapper\">\n\t\t\t\t\t\t\t<div class=\"rt-img-holder tpg-el-image-wrap has-thumbnail\">\n\t\t\t\t\t<a data-id=\"5672\" href=\"https:\/\/mobilityfreedom.it\/index.php\/2026\/03\/05\/patente-speciale-il-percorso-per-ottenerla\/\" class=\"tpg-post-link\" target=\"_self\">                        <img decoding=\"async\" src=\"https:\/\/mobilityfreedom.it\/wp-content\/uploads\/2026\/03\/2026-02-patente-speciale-768x512.jpg\"\n                             class=\"rt-img-responsive\"\n                             width=\"768\"\n                             height=\"512\"\n                             alt=\"Patente speciale: il percorso per ottenerla\">\n\t\t\t\t\t\t\n\t\t\t\t\t\t\t\n\t\t<\/a>\n\t\t        <div class=\"overlay grid-hover-content\"><\/div>\n\t\t\t\t\t\t<\/div>\n\t\t\t\n\t\t\t<div class=\"entry-title-wrapper\"><h3 class=\"entry-title\"><a data-id=\"5672\" href=\"https:\/\/mobilityfreedom.it\/index.php\/2026\/03\/05\/patente-speciale-il-percorso-per-ottenerla\/\" class=\"tpg-post-link\" target=\"_self\">Patente speciale: il percorso per ottenerla<\/a><\/h3><\/div>\n\t\t\t\t\t\t\t<div class=\"post-meta-tags rt-el-post-meta\">\n\t\t\t\t\t            <span class='date'>\n\t\t\t\t<i class='far fa-calendar-alt '><\/i>\t\t\t\t                    <a href=\"https:\/\/mobilityfreedom.it\/index.php\/2026\/03\/05\/\">\n\t\t\t\t\t5 Marzo 2026\t\t\t\t<\/a>\n\t\t\t\t\t\t\t<\/span>\n\t\t\t\t\t\t\t<\/div>\n\t\t\t\n\t\t\t\t\t\t\t<div class=\"tpg-excerpt tpg-el-excerpt\">\n\t\t\t\t\t\t\t\t\t\t\t<div class=\"tpg-excerpt-inner\">\n\t\t\t\t\t\t\tLa Patente Speciale rappresenta per le persone con disabilit\u00e0 uno strumento fondamentale di autonomia e indipendenza. Il suo conseguimento o rinnovo segue un iter preciso, spesso percepito come...\t\t\t\t\t\t<\/div>\n\t\t\t\t\t\t\t\t\t\t\t\t\t\t<\/div>\n\t\t\t\n\t\t\t        <div class=\"post-footer\">\n            <div class=\"post-footer\">\n                <div class=\"read-more\">\n\t\t\t\t\t<a data-id=\"5672\" href=\"https:\/\/mobilityfreedom.it\/index.php\/2026\/03\/05\/patente-speciale-il-percorso-per-ottenerla\/\" class=\"tpg-post-link\" target=\"_self\">Vai all&#039;articolo completo<\/a>                <\/div>\n            <\/div>\n        <\/div>\n\t\t\t\t<\/div>\n\t<\/div>\n<\/div>\n\n<div class=\"rt-col-md-4 rt-col-sm-6 rt-col-xs-12 default rt-grid-item\" data-id=\"5654\">\n\t<div class=\"rt-holder tpg-post-holder \">\n\t\t<div class=\"rt-detail rt-el-content-wrapper\">\n\t\t\t\t\t\t\t<div class=\"rt-img-holder tpg-el-image-wrap has-thumbnail\">\n\t\t\t\t\t<a data-id=\"5654\" href=\"https:\/\/mobilityfreedom.it\/index.php\/2026\/02\/18\/auto-e-agevolazioni-fiscali-per-persone-con-disabilita\/\" class=\"tpg-post-link\" target=\"_self\">                        <img decoding=\"async\" src=\"https:\/\/mobilityfreedom.it\/wp-content\/uploads\/2026\/02\/2026-02-agevolazioni-fiscali-auto-768x512.jpg\"\n                             class=\"rt-img-responsive\"\n                             width=\"768\"\n                             height=\"512\"\n                             alt=\"Auto e agevolazioni fiscali per persone con disabilit\u00e0\">\n\t\t\t\t\t\t\n\t\t\t\t\t\t\t\n\t\t<\/a>\n\t\t        <div class=\"overlay grid-hover-content\"><\/div>\n\t\t\t\t\t\t<\/div>\n\t\t\t\n\t\t\t<div class=\"entry-title-wrapper\"><h3 class=\"entry-title\"><a data-id=\"5654\" href=\"https:\/\/mobilityfreedom.it\/index.php\/2026\/02\/18\/auto-e-agevolazioni-fiscali-per-persone-con-disabilita\/\" class=\"tpg-post-link\" target=\"_self\">Auto e agevolazioni fiscali per persone con disabilit\u00e0<\/a><\/h3><\/div>\n\t\t\t\t\t\t\t<div class=\"post-meta-tags rt-el-post-meta\">\n\t\t\t\t\t            <span class='date'>\n\t\t\t\t<i class='far fa-calendar-alt '><\/i>\t\t\t\t                    <a href=\"https:\/\/mobilityfreedom.it\/index.php\/2026\/02\/18\/\">\n\t\t\t\t\t18 Febbraio 2026\t\t\t\t<\/a>\n\t\t\t\t\t\t\t<\/span>\n\t\t\t\t\t\t\t<\/div>\n\t\t\t\n\t\t\t\t\t\t\t<div class=\"tpg-excerpt tpg-el-excerpt\">\n\t\t\t\t\t\t\t\t\t\t\t<div class=\"tpg-excerpt-inner\">\n\t\t\t\t\t\t\tLa normativa italiana prevede importanti benefici fiscali per l\u2019acquisto e l\u2019allestimento di veicoli destinati a persone con disabilit\u00e0, come indicato nella guida dell\u2019Agenzia delle Entrate (agg...\t\t\t\t\t\t<\/div>\n\t\t\t\t\t\t\t\t\t\t\t\t\t\t<\/div>\n\t\t\t\n\t\t\t        <div class=\"post-footer\">\n            <div class=\"post-footer\">\n                <div class=\"read-more\">\n\t\t\t\t\t<a data-id=\"5654\" href=\"https:\/\/mobilityfreedom.it\/index.php\/2026\/02\/18\/auto-e-agevolazioni-fiscali-per-persone-con-disabilita\/\" class=\"tpg-post-link\" target=\"_self\">Vai all&#039;articolo completo<\/a>                <\/div>\n            <\/div>\n        <\/div>\n\t\t\t\t<\/div>\n\t<\/div>\n<\/div>\n\n<div class=\"rt-col-md-4 rt-col-sm-6 rt-col-xs-12 default rt-grid-item\" data-id=\"5543\">\n\t<div class=\"rt-holder tpg-post-holder \">\n\t\t<div class=\"rt-detail rt-el-content-wrapper\">\n\t\t\t\t\t\t\t<div class=\"rt-img-holder tpg-el-image-wrap has-thumbnail\">\n\t\t\t\t\t<a data-id=\"5543\" href=\"https:\/\/mobilityfreedom.it\/index.php\/2026\/01\/15\/tornare-alla-guida-dopo-un-infortunio-come-ottenere-veicoli-adattati-a-costo-zero-con-linail\/\" class=\"tpg-post-link\" target=\"_self\">                        <img loading=\"lazy\" decoding=\"async\" src=\"https:\/\/mobilityfreedom.it\/wp-content\/uploads\/2026\/01\/2026-01-pratiche-inail-768x512.jpg\"\n                             class=\"rt-img-responsive\"\n                             width=\"768\"\n                             height=\"512\"\n                             alt=\"Tornare alla guida dopo un infortunio: come ottenere veicoli adattati a costo zero con l\u2019INAIL\">\n\t\t\t\t\t\t\n\t\t\t\t\t\t\t\n\t\t<\/a>\n\t\t        <div class=\"overlay grid-hover-content\"><\/div>\n\t\t\t\t\t\t<\/div>\n\t\t\t\n\t\t\t<div class=\"entry-title-wrapper\"><h3 class=\"entry-title\"><a data-id=\"5543\" href=\"https:\/\/mobilityfreedom.it\/index.php\/2026\/01\/15\/tornare-alla-guida-dopo-un-infortunio-come-ottenere-veicoli-adattati-a-costo-zero-con-linail\/\" class=\"tpg-post-link\" target=\"_self\">Tornare alla guida dopo un infortunio: come ottenere veicoli adattati a costo zero con l\u2019INAIL<\/a><\/h3><\/div>\n\t\t\t\t\t\t\t<div class=\"post-meta-tags rt-el-post-meta\">\n\t\t\t\t\t            <span class='date'>\n\t\t\t\t<i class='far fa-calendar-alt '><\/i>\t\t\t\t                    <a href=\"https:\/\/mobilityfreedom.it\/index.php\/2026\/01\/15\/\">\n\t\t\t\t\t15 Gennaio 2026\t\t\t\t<\/a>\n\t\t\t\t\t\t\t<\/span>\n\t\t\t\t\t\t\t<\/div>\n\t\t\t\n\t\t\t\t\t\t\t<div class=\"tpg-excerpt tpg-el-excerpt\">\n\t\t\t\t\t\t\t\t\t\t\t<div class=\"tpg-excerpt-inner\">\n\t\t\t\t\t\t\tScopri come Kivi Mobility Freedom ti accompagna nella gestione delle pratiche INAIL e nell\u2019allestimento personalizzato del tuo veicolo. Hai sempre vissuto la guida come un simbolo di libert\u00e0. Poi...\t\t\t\t\t\t<\/div>\n\t\t\t\t\t\t\t\t\t\t\t\t\t\t<\/div>\n\t\t\t\n\t\t\t        <div class=\"post-footer\">\n            <div class=\"post-footer\">\n                <div class=\"read-more\">\n\t\t\t\t\t<a data-id=\"5543\" href=\"https:\/\/mobilityfreedom.it\/index.php\/2026\/01\/15\/tornare-alla-guida-dopo-un-infortunio-come-ottenere-veicoli-adattati-a-costo-zero-con-linail\/\" class=\"tpg-post-link\" target=\"_self\">Vai all&#039;articolo completo<\/a>                <\/div>\n            <\/div>\n        <\/div>\n\t\t\t\t<\/div>\n\t<\/div>\n<\/div>\n\n<div class=\"rt-col-md-4 rt-col-sm-6 rt-col-xs-12 default rt-grid-item\" data-id=\"5503\">\n\t<div class=\"rt-holder tpg-post-holder rt-sticky\">\n\t\t<div class=\"rt-detail rt-el-content-wrapper\">\n\t\t\t\t\t\t\t<div class=\"rt-img-holder tpg-el-image-wrap has-thumbnail\">\n\t\t\t\t\t<a data-id=\"5503\" href=\"https:\/\/mobilityfreedom.it\/index.php\/2025\/12\/23\/viaggiare-senza-barriere-la-collaborazione-tra-kivi-mobility-freedom-src-rent-car-e-aism\/\" class=\"tpg-post-link\" target=\"_self\">                        <img loading=\"lazy\" decoding=\"async\" src=\"https:\/\/mobilityfreedom.it\/wp-content\/uploads\/2025\/12\/4-AISM.NTTA-2048x1581-1-768x593.jpg\"\n                             class=\"rt-img-responsive\"\n                             width=\"768\"\n                             height=\"593\"\n                             alt=\"Viaggiare senza barriere: la collaborazione tra Kivi Mobility Freedom, Aism e SRC Rent Car\">\n\t\t\t\t\t\t\n\t\t\t\t\t\t\t\n\t\t<\/a>\n\t\t        <div class=\"overlay grid-hover-content\"><\/div>\n\t\t\t\t\t\t<\/div>\n\t\t\t\n\t\t\t<div class=\"entry-title-wrapper\"><h3 class=\"entry-title\"><a data-id=\"5503\" href=\"https:\/\/mobilityfreedom.it\/index.php\/2025\/12\/23\/viaggiare-senza-barriere-la-collaborazione-tra-kivi-mobility-freedom-src-rent-car-e-aism\/\" class=\"tpg-post-link\" target=\"_self\">Viaggiare senza barriere: la collaborazione tra Kivi Mobility Freedom, Aism e SRC Rent Car<\/a><\/h3><\/div>\n\t\t\t\t\t\t\t<div class=\"post-meta-tags rt-el-post-meta\">\n\t\t\t\t\t            <span class='date'>\n\t\t\t\t<i class='far fa-calendar-alt '><\/i>\t\t\t\t                    <a href=\"https:\/\/mobilityfreedom.it\/index.php\/2025\/12\/23\/\">\n\t\t\t\t\t23 Dicembre 2025\t\t\t\t<\/a>\n\t\t\t\t\t\t\t<\/span>\n\t\t\t\t\t\t\t<\/div>\n\t\t\t\n\t\t\t\t\t\t\t<div class=\"tpg-excerpt tpg-el-excerpt\">\n\t\t\t\t\t\t\t\t\t\t\t<div class=\"tpg-excerpt-inner\">\n\t\t\t\t\t\t\tHai mai rinunciato a un viaggio perch\u00e9 il pensiero di gestire gli spostamenti una volta arrivato a destinazione ti sembrava un incubo? Per chi convive con una mobilit\u00e0 ridotta, l&#8217;atterraggio in...\t\t\t\t\t\t<\/div>\n\t\t\t\t\t\t\t\t\t\t\t\t\t\t<\/div>\n\t\t\t\n\t\t\t        <div class=\"post-footer\">\n            <div class=\"post-footer\">\n                <div class=\"read-more\">\n\t\t\t\t\t<a data-id=\"5503\" href=\"https:\/\/mobilityfreedom.it\/index.php\/2025\/12\/23\/viaggiare-senza-barriere-la-collaborazione-tra-kivi-mobility-freedom-src-rent-car-e-aism\/\" class=\"tpg-post-link\" target=\"_self\">Vai all&#039;articolo completo<\/a>                <\/div>\n            <\/div>\n        <\/div>\n\t\t\t\t<\/div>\n\t<\/div>\n<\/div>\n\n<div class=\"rt-col-md-4 rt-col-sm-6 rt-col-xs-12 default rt-grid-item\" data-id=\"5485\">\n\t<div class=\"rt-holder tpg-post-holder rt-sticky\">\n\t\t<div class=\"rt-detail rt-el-content-wrapper\">\n\t\t\t\t\t\t\t<div class=\"rt-img-holder tpg-el-image-wrap has-thumbnail\">\n\t\t\t\t\t<a data-id=\"5485\" href=\"https:\/\/mobilityfreedom.it\/index.php\/2025\/12\/23\/kmf-captur-autonomia-sicurezza-e-liberta-di-movimento-in-un-crossover-accessibile\/\" class=\"tpg-post-link\" target=\"_self\">                        <img loading=\"lazy\" decoding=\"async\" src=\"https:\/\/mobilityfreedom.it\/wp-content\/uploads\/2025\/12\/captur-3-768x510.png\"\n                             class=\"rt-img-responsive\"\n                             width=\"768\"\n                             height=\"510\"\n                             alt=\"KMF Captur: il crossover accessibile\">\n\t\t\t\t\t\t\n\t\t\t\t\t\t\t\n\t\t<\/a>\n\t\t        <div class=\"overlay grid-hover-content\"><\/div>\n\t\t\t\t\t\t<\/div>\n\t\t\t\n\t\t\t<div class=\"entry-title-wrapper\"><h3 class=\"entry-title\"><a data-id=\"5485\" href=\"https:\/\/mobilityfreedom.it\/index.php\/2025\/12\/23\/kmf-captur-autonomia-sicurezza-e-liberta-di-movimento-in-un-crossover-accessibile\/\" class=\"tpg-post-link\" target=\"_self\">KMF Captur: il crossover accessibile<\/a><\/h3><\/div>\n\t\t\t\t\t\t\t<div class=\"post-meta-tags rt-el-post-meta\">\n\t\t\t\t\t            <span class='date'>\n\t\t\t\t<i class='far fa-calendar-alt '><\/i>\t\t\t\t                    <a href=\"https:\/\/mobilityfreedom.it\/index.php\/2025\/12\/23\/\">\n\t\t\t\t\t23 Dicembre 2025\t\t\t\t<\/a>\n\t\t\t\t\t\t\t<\/span>\n\t\t\t\t\t\t\t<\/div>\n\t\t\t\n\t\t\t\t\t\t\t<div class=\"tpg-excerpt tpg-el-excerpt\">\n\t\t\t\t\t\t\t\t\t\t\t<div class=\"tpg-excerpt-inner\">\n\t\t\t\t\t\t\tAutonomia, sicurezza e libert\u00e0 di movimento La Captur di Kivi Mobility Freedom rappresenta una delle soluzioni pi\u00f9 evolute nel mondo della mobilit\u00e0 accessibile. Nasce dall\u2019incontro tra l\u2019affidabilit\u00e0...\t\t\t\t\t\t<\/div>\n\t\t\t\t\t\t\t\t\t\t\t\t\t\t<\/div>\n\t\t\t\n\t\t\t        <div class=\"post-footer\">\n            <div class=\"post-footer\">\n                <div class=\"read-more\">\n\t\t\t\t\t<a data-id=\"5485\" href=\"https:\/\/mobilityfreedom.it\/index.php\/2025\/12\/23\/kmf-captur-autonomia-sicurezza-e-liberta-di-movimento-in-un-crossover-accessibile\/\" class=\"tpg-post-link\" target=\"_self\">Vai all&#039;articolo completo<\/a>                <\/div>\n            <\/div>\n        <\/div>\n\t\t\t\t<\/div>\n\t<\/div>\n<\/div>\n\n<div class=\"rt-col-md-4 rt-col-sm-6 rt-col-xs-12 default rt-grid-item\" data-id=\"5501\">\n\t<div class=\"rt-holder tpg-post-holder \">\n\t\t<div class=\"rt-detail rt-el-content-wrapper\">\n\t\t\t\t\t\t\t<div class=\"rt-img-holder tpg-el-image-wrap has-thumbnail\">\n\t\t\t\t\t<a data-id=\"5501\" href=\"https:\/\/mobilityfreedom.it\/index.php\/2025\/12\/22\/buon-2026-dallo-staff-kmf\/\" class=\"tpg-post-link\" target=\"_self\">                        <img loading=\"lazy\" decoding=\"async\" src=\"https:\/\/mobilityfreedom.it\/wp-content\/uploads\/2025\/12\/Copertina_Buon_2026_Sito-768x402.png\"\n                             class=\"rt-img-responsive\"\n                             width=\"768\"\n                             height=\"402\"\n                             alt=\"BUON 2026 DALLO STAFF KMF!\">\n\t\t\t\t\t\t\n\t\t\t\t\t\t\t\n\t\t<\/a>\n\t\t        <div class=\"overlay grid-hover-content\"><\/div>\n\t\t\t\t\t\t<\/div>\n\t\t\t\n\t\t\t<div class=\"entry-title-wrapper\"><h3 class=\"entry-title\"><a data-id=\"5501\" href=\"https:\/\/mobilityfreedom.it\/index.php\/2025\/12\/22\/buon-2026-dallo-staff-kmf\/\" class=\"tpg-post-link\" target=\"_self\">BUON 2026 DALLO STAFF KMF!<\/a><\/h3><\/div>\n\t\t\t\t\t\t\t<div class=\"post-meta-tags rt-el-post-meta\">\n\t\t\t\t\t            <span class='date'>\n\t\t\t\t<i class='far fa-calendar-alt '><\/i>\t\t\t\t                    <a href=\"https:\/\/mobilityfreedom.it\/index.php\/2025\/12\/22\/\">\n\t\t\t\t\t22 Dicembre 2025\t\t\t\t<\/a>\n\t\t\t\t\t\t\t<\/span>\n\t\t\t\t\t\t\t<\/div>\n\t\t\t\n\t\t\t\t\t\t\t<div class=\"tpg-excerpt tpg-el-excerpt\">\n\t\t\t\t\t\t\t\t\t\t\t<div class=\"tpg-excerpt-inner\">\n\t\t\t\t\t\t\tBuoni propositi per il 2026: sentirsi FREE TO BE! BUON ANNO a tutti e tutte voi dal team KMF! \u00a0...\t\t\t\t\t\t<\/div>\n\t\t\t\t\t\t\t\t\t\t\t\t\t\t<\/div>\n\t\t\t\n\t\t\t        <div class=\"post-footer\">\n            <div class=\"post-footer\">\n                <div class=\"read-more\">\n\t\t\t\t\t<a data-id=\"5501\" href=\"https:\/\/mobilityfreedom.it\/index.php\/2025\/12\/22\/buon-2026-dallo-staff-kmf\/\" class=\"tpg-post-link\" target=\"_self\">Vai all&#039;articolo completo<\/a>                <\/div>\n            <\/div>\n        <\/div>\n\t\t\t\t<\/div>\n\t<\/div>\n<\/div>\n\t\t\t<\/div>\n\t\t\t\n\t\t<\/div>\n\t\t\t\t\t\t<\/div>\n\t\t\t\t<\/div>\n\t\t\t\t\t<\/div>\n\t\t\t\t<\/div>\n\t\t\t\t<\/div>\n\t\t","protected":false},"excerpt":{"rendered":"<p>Exposanit\u00e0 2026: Health, Care &amp; Innovation 27 Marzo 2026 Dal 22 al 24 aprile 2026, BolognaFiere ospiter\u00e0 la 24\u00aa mostra internazionale al servizio della sanit\u00e0 e dell&#8217;assistenza. Si tratta di un appuntamento imperdibile, interamente dedicato al mondo&#8230; Vai all&#039;articolo completo Patente speciale: il percorso per ottenerla 5 Marzo 2026 La Patente Speciale rappresenta per le persone con disabilit\u00e0 uno strumento fondamentale di autonomia e indipendenza. Il suo conseguimento o rinnovo segue un iter preciso, spesso percepito come&#8230; Vai all&#039;articolo completo Auto e agevolazioni fiscali per persone con disabilit\u00e0 18 Febbraio 2026 La normativa italiana prevede importanti benefici fiscali per l\u2019acquisto e l\u2019allestimento di veicoli destinati a persone con disabilit\u00e0, come indicato nella guida dell\u2019Agenzia delle Entrate (agg&#8230; Vai all&#039;articolo completo Tornare alla guida dopo un infortunio: come ottenere veicoli adattati a costo zero con l\u2019INAIL 15 Gennaio 2026 Scopri come Kivi Mobility Freedom ti accompagna nella gestione delle pratiche INAIL e nell\u2019allestimento personalizzato del tuo veicolo. Hai sempre vissuto la guida come un simbolo di libert\u00e0. Poi&#8230; Vai all&#039;articolo completo Viaggiare senza barriere: la collaborazione tra Kivi Mobility Freedom, Aism e SRC Rent Car 23 Dicembre 2025 Hai mai rinunciato a un viaggio perch\u00e9 il pensiero di gestire gli spostamenti una volta arrivato a destinazione ti sembrava un incubo? Per chi convive con una mobilit\u00e0 ridotta, l&#8217;atterraggio in&#8230; Vai all&#039;articolo completo KMF Captur: il crossover accessibile 23 Dicembre 2025 Autonomia, sicurezza e libert\u00e0 di movimento La Captur di Kivi Mobility Freedom rappresenta una delle soluzioni pi\u00f9 evolute nel mondo della mobilit\u00e0 accessibile. Nasce dall\u2019incontro tra l\u2019affidabilit\u00e0&#8230; Vai all&#039;articolo completo BUON 2026 DALLO STAFF KMF! 22 Dicembre 2025 Buoni propositi per il 2026: sentirsi FREE TO BE! BUON ANNO a tutti e tutte voi dal team KMF! \u00a0&#8230; Vai all&#039;articolo completo<\/p>\n","protected":false},"author":2,"featured_media":0,"parent":0,"menu_order":0,"comment_status":"closed","ping_status":"closed","template":"page-templates\/template-pagebuilder-full-width.php","meta":{"neve_meta_sidebar":"","neve_meta_container":"","neve_meta_enable_content_width":"","neve_meta_content_width":0,"neve_meta_title_alignment":"","neve_meta_author_avatar":"","neve_post_elements_order":"","neve_meta_disable_header":"","neve_meta_disable_footer":"","neve_meta_disable_title":"","footnotes":""},"class_list":["post-5621","page","type-page","status-publish","hentry"],"rttpg_featured_image_url":null,"rttpg_author":{"display_name":"Eros Milano","author_link":"https:\/\/mobilityfreedom.it\/index.php\/author\/turintech\/"},"rttpg_comment":0,"rttpg_category":"","rttpg_excerpt":"Exposanit\u00e0 2026: Health, Care &amp; Innovation 27 Marzo 2026 Dal 22 al 24 aprile 2026, BolognaFiere ospiter\u00e0 la 24\u00aa mostra internazionale al servizio della sanit\u00e0 e dell&#8217;assistenza. Si tratta di un appuntamento imperdibile, interamente dedicato al mondo&#8230; Vai all&#039;articolo completo Patente speciale: il percorso per ottenerla 5 Marzo 2026 La Patente Speciale rappresenta per le&hellip;","_links":{"self":[{"href":"https:\/\/mobilityfreedom.it\/index.php\/wp-json\/wp\/v2\/pages\/5621","targetHints":{"allow":["GET"]}}],"collection":[{"href":"https:\/\/mobilityfreedom.it\/index.php\/wp-json\/wp\/v2\/pages"}],"about":[{"href":"https:\/\/mobilityfreedom.it\/index.php\/wp-json\/wp\/v2\/types\/page"}],"author":[{"embeddable":true,"href":"https:\/\/mobilityfreedom.it\/index.php\/wp-json\/wp\/v2\/users\/2"}],"replies":[{"embeddable":true,"href":"https:\/\/mobilityfreedom.it\/index.php\/wp-json\/wp\/v2\/comments?post=5621"}],"version-history":[{"count":13,"href":"https:\/\/mobilityfreedom.it\/index.php\/wp-json\/wp\/v2\/pages\/5621\/revisions"}],"predecessor-version":[{"id":5829,"href":"https:\/\/mobilityfreedom.it\/index.php\/wp-json\/wp\/v2\/pages\/5621\/revisions\/5829"}],"wp:attachment":[{"href":"https:\/\/mobilityfreedom.it\/index.php\/wp-json\/wp\/v2\/media?parent=5621"}],"curies":[{"name":"wp","href":"https:\/\/api.w.org\/{rel}","templated":true}]}}